{"id":620,"date":"2022-09-22T20:03:31","date_gmt":"2022-09-22T19:03:31","guid":{"rendered":"https:\/\/zeta.dik.co.me\/?page_id=620"},"modified":"2022-09-23T21:45:35","modified_gmt":"2022-09-23T20:45:35","slug":"sastav-komisije","status":"publish","type":"page","link":"https:\/\/dikcg.me\/wpold\/zeta\/sastav-komisije\/","title":{"rendered":"Sastav Komisije"},"content":{"rendered":"<div class=\"content-section\">\n<p><strong><span dir=\"ltr\" role=\"presentation\">Nela<\/span> <span dir=\"ltr\" role=\"presentation\">AN\u0110U\u0160I\u0106<\/span><\/strong>, predsjednica<br \/>\n<strong>Milo\u0161 KAVARI\u0106<\/strong>, zamjenik predsjednice<br \/>\n<strong>Tijana TRIFUNOVI\u0106<\/strong>, sekretarka<\/p>\n<p><strong>\u010clanovi i zamjenici<\/strong><br \/>\n<strong>1. Nada ULI\u0106EVI\u0106<\/strong>, \u010dlanica<br \/>\n<strong>Jasmina VUJA\u010cI\u0106<\/strong>, zamjenica \u010dlanice<br \/>\n<strong>2. Veljko KOSTI\u0106<\/strong>, \u010dlan<br \/>\n<strong>Milica KALU\u0110EROVI\u0106,<\/strong> zamjenica \u010dlana<br \/>\n<strong>3. Marina STANOVI\u0106<\/strong>, \u010dlanica<br \/>\n<strong>An\u0111elija OTOVI\u0106<\/strong>, zamjenica \u010dlanice<br \/>\n<strong>4. Pavle CAVNI\u0106,<\/strong> \u010dlan<br \/>\n<strong>Tomica KNE\u017dEVI\u0106<\/strong>, zamjenik \u010dlana<\/p>\n<p><a href=\"https:\/\/dikcg.me\/wpold\/zeta\/wp-content\/uploads\/sites\/4\/2022\/09\/Odluka-o-imenovanju-Opstinske-izborne-komisije-Zeta.pdf\">Odluka o imenovanju Op\u0161tinske izborne komisije Zeta<\/a><\/p>\n<\/div>\n","protected":false},"excerpt":{"rendered":"Nela AN\u0110U\u0160I\u0106, predsjednica Milo\u0161 KAVARI\u0106, zamjenik predsjednice Tijana TRIFUNOVI\u0106, sekretarka \u010clanovi i zamjenici 1. Nada ULI\u0106EVI\u0106, \u010dlanica Jasmina VUJA\u010cI\u0106, zamjenica \u010dlanice 2. Veljko KOSTI\u0106, \u010dlan Milica KALU\u0110EROVI\u0106, zamjenica \u010dlana 3. Marina STANOVI\u0106, \u010dlanica An\u0111elija OTOVI\u0106, zamjenica \u010dlanice 4. Pavle CAVNI\u0106, \u010dlan Tomica KNE\u017dEVI\u0106, zamjenik \u010dlana Odluka o imenovanju Op\u0161tinske izborne komisije Zeta","protected":false},"author":56,"featured_media":0,"parent":0,"menu_order":0,"comment_status":"closed","ping_status":"closed","template":"","meta":{"footnotes":""},"_links":{"self":[{"href":"https:\/\/dikcg.me\/wpold\/zeta\/wp-json\/wp\/v2\/pages\/620"}],"collection":[{"href":"https:\/\/dikcg.me\/wpold\/zeta\/wp-json\/wp\/v2\/pages"}],"about":[{"href":"https:\/\/dikcg.me\/wpold\/zeta\/wp-json\/wp\/v2\/types\/page"}],"author":[{"embeddable":true,"href":"https:\/\/dikcg.me\/wpold\/zeta\/wp-json\/wp\/v2\/users\/56"}],"replies":[{"embeddable":true,"href":"https:\/\/dikcg.me\/wpold\/zeta\/wp-json\/wp\/v2\/comments?post=620"}],"version-history":[{"count":3,"href":"https:\/\/dikcg.me\/wpold\/zeta\/wp-json\/wp\/v2\/pages\/620\/revisions"}],"predecessor-version":[{"id":712,"href":"https:\/\/dikcg.me\/wpold\/zeta\/wp-json\/wp\/v2\/pages\/620\/revisions\/712"}],"wp:attachment":[{"href":"https:\/\/dikcg.me\/wpold\/zeta\/wp-json\/wp\/v2\/media?parent=620"}],"curies":[{"name":"wp","href":"https:\/\/api.w.org\/{rel}","templated":true}]}}