{"id":680,"date":"2019-07-08T11:20:57","date_gmt":"2019-07-08T10:20:57","guid":{"rendered":"http:\/\/zabljak.dik.co.me\/?page_id=680\/"},"modified":"2020-07-15T10:43:08","modified_gmt":"2020-07-15T09:43:08","slug":"sastav-komisije","status":"publish","type":"page","link":"https:\/\/dikcg.me\/wpold\/zabljak\/sastav-komisije\/","title":{"rendered":"Sastav Komisije"},"content":{"rendered":"<p><strong>Bo\u017eo Tom\u010di\u0107<\/strong>, predsjednik<br \/>\n<strong>Ivana \u0106URI\u0106<\/strong>, zamjenik predsjednika<br \/>\n<strong>Goran VUJI\u010cI\u0106<\/strong>, sekretar<\/p>\n<p><strong>\u010clanovi i zamjenici<\/strong><br \/>\n<strong>1. Nikola DUBLJEVI\u0106, <\/strong>\u010dlan<br \/>\n<strong>Mile LEKOVI\u0106<\/strong>, zamjenik \u010dlana<br \/>\n<strong>2. Danijela STEVOVI\u0106<\/strong>, \u010dlanica<br \/>\n<strong>3. \u017dana Svrkota<\/strong>, \u010dlanica<br \/>\n<strong>4. Sla\u0111ana \u0160ljivan\u010danin<\/strong>, \u010dlanica<\/p>\n<p>&nbsp;<\/p>\n<p><a href=\"https:\/\/dikcg.me\/wpold\/zabljak\/wp-content\/uploads\/sites\/26\/2020\/07\/Odluka-o-imenovanju-clana-Opstinske-izborne-komisije.pdf\">Odluka o imenovanju \u010dlana OIK \u017dabljak<\/a><\/p>\n<p><a href=\"https:\/\/dikcg.me\/wpold\/zabljak\/wp-content\/uploads\/sites\/26\/2020\/07\/Odluka-o-prestanku-mandata-clana-Opstinske-izborne-komisije.pdf\">Odluka o prestanku mandata \u010dlana OIK \u017dabljak<\/a><\/p>\n<p><a href=\"https:\/\/dikcg.me\/wpold\/zabljak\/wp-content\/uploads\/sites\/26\/2020\/07\/Odluka-o-razrjesenju-zamjenika-clana-Opstinske-izborne-komisije.pdf\">Odluka o razrje\u0161enju zamjenika \u010dlana OIK \u017dabljak<\/a><\/p>\n<p><a href=\"https:\/\/dikcg.me\/wpold\/zabljak\/wp-content\/uploads\/sites\/26\/2020\/07\/Odluka-o-imenovanju-Opstinske-izborne-Komisije.pdf\">Odluka o imenovanju Op\u0161tinske izborne komisije \u017dabljak<\/a><\/p>\n","protected":false},"excerpt":{"rendered":"Bo\u017eo Tom\u010di\u0107, predsjednik Ivana \u0106URI\u0106, zamjenik predsjednika Goran VUJI\u010cI\u0106, sekretar \u010clanovi i zamjenici 1. Nikola DUBLJEVI\u0106, \u010dlan Mile LEKOVI\u0106, zamjenik \u010dlana 2. Danijela STEVOVI\u0106, \u010dlanica 3. \u017dana Svrkota, \u010dlanica 4. Sla\u0111ana \u0160ljivan\u010danin, \u010dlanica &nbsp; Odluka o imenovanju \u010dlana OIK \u017dabljak Odluka o prestanku mandata \u010dlana OIK \u017dabljak Odluka o razrje\u0161enju zamjenika \u010dlana OIK \u017dabljak Odluka&#8230; <a href=\"https:\/\/dikcg.me\/wpold\/zabljak\/sastav-komisije\/\">Read more <i class=\"fas fa-angle-right\"><\/i><\/a>","protected":false},"author":56,"featured_media":0,"parent":0,"menu_order":0,"comment_status":"closed","ping_status":"closed","template":"","meta":{"footnotes":""},"_links":{"self":[{"href":"https:\/\/dikcg.me\/wpold\/zabljak\/wp-json\/wp\/v2\/pages\/680"}],"collection":[{"href":"https:\/\/dikcg.me\/wpold\/zabljak\/wp-json\/wp\/v2\/pages"}],"about":[{"href":"https:\/\/dikcg.me\/wpold\/zabljak\/wp-json\/wp\/v2\/types\/page"}],"author":[{"embeddable":true,"href":"https:\/\/dikcg.me\/wpold\/zabljak\/wp-json\/wp\/v2\/users\/56"}],"replies":[{"embeddable":true,"href":"https:\/\/dikcg.me\/wpold\/zabljak\/wp-json\/wp\/v2\/comments?post=680"}],"version-history":[{"count":6,"href":"https:\/\/dikcg.me\/wpold\/zabljak\/wp-json\/wp\/v2\/pages\/680\/revisions"}],"predecessor-version":[{"id":755,"href":"https:\/\/dikcg.me\/wpold\/zabljak\/wp-json\/wp\/v2\/pages\/680\/revisions\/755"}],"wp:attachment":[{"href":"https:\/\/dikcg.me\/wpold\/zabljak\/wp-json\/wp\/v2\/media?parent=680"}],"curies":[{"name":"wp","href":"https:\/\/api.w.org\/{rel}","templated":true}]}}