{"id":678,"date":"2019-09-03T08:10:51","date_gmt":"2019-09-03T07:10:51","guid":{"rendered":"http:\/\/herceg-novi.dik.co.me\/?page_id=678\/"},"modified":"2023-02-07T13:16:49","modified_gmt":"2023-02-07T12:16:49","slug":"sastav-komisije","status":"publish","type":"page","link":"https:\/\/dikcg.me\/wpold\/herceg-novi\/sastav-komisije\/","title":{"rendered":"Sastav Komisije"},"content":{"rendered":"<p><strong>Dejan RADONI\u0106, <\/strong>predsjednik<br \/>\n<strong>Milan BERI\u0106, <\/strong>zamjenik predsjednika<br \/>\n<strong>Dragan JANKOVI\u0106<\/strong>, sekretar<\/p>\n<p><strong>\u010clanovi i zamjenici<\/strong><strong>:<\/strong><\/p>\n<p data-uw-styling-context=\"true\"><strong>1. Milan Vajagi\u0107, \u010dlan<\/strong><\/p>\n<p data-uw-styling-context=\"true\"><strong>Svetlana Miri\u0107, zamjenica \u010dlana<\/strong><\/p>\n<p data-uw-styling-context=\"true\"><strong>2. Nenad \u0110or\u0111evi\u0107, \u010dlan<\/strong><\/p>\n<p data-uw-styling-context=\"true\"><strong>Vasilije Bjeleti\u0107, zamjenik \u010dlana<\/strong><\/p>\n<p data-uw-styling-context=\"true\"><strong>3. Vasilije Pavi\u0107evi\u0107, \u010dlan<br \/>\n<\/strong><\/p>\n<p data-uw-styling-context=\"true\"><strong>Vasko Vavi\u0107, zamjenik \u010dlana<\/strong><\/p>\n<p data-uw-styling-context=\"true\"><strong>4. Kristina Prelevi\u0107, \u010dlanica<\/strong><\/p>\n<p data-uw-styling-context=\"true\"><strong>Mihailo Mili\u0107, zamjenik \u010dlanice<\/strong><strong>\u00a0<\/strong><\/p>\n<p>&nbsp;<\/p>\n<p><a href=\"https:\/\/dikcg.me\/wpold\/herceg-novi\/wp-content\/uploads\/sites\/15\/2023\/02\/Rjesenje-o-razrjesenje-.pdf\">Rje\u0161enje o razrje\u0161enju i imenovanju \u010dlana i zamjenika \u010dlana Op\u0161tinske izborne komisije Herceg Novi u stalnom sastavu, 24.10.2022. godine<\/a><\/p>\n<p><a href=\"https:\/\/dikcg.me\/wpold\/herceg-novi\/wp-content\/uploads\/sites\/15\/2022\/09\/Rjesenje-sek15092022.pdf\">Rje\u0161enje o razrje\u0161enju i imenovanju sekretara Op\u0161tinske izborne komisije Herceg Novi u stalnom sastavu, 13.09.2022. godine<\/a><\/p>\n<p><a href=\"https:\/\/dikcg.me\/wpold\/herceg-novi\/wp-content\/uploads\/sites\/15\/2022\/06\/rjesenjeodopuni30092021.pdf\">Rje\u0161enje o dopuni Rje\u0161enja o imenovanju Op\u0161tinske izborne komisije Herceg Novi u stalnom sastavu, 22.09.2021. godine<\/a><\/p>\n<p><a href=\"https:\/\/dikcg.me\/wpold\/herceg-novi\/wp-content\/uploads\/sites\/15\/2021\/09\/OIK-rjesenje21.pdf\">Rje\u0161enje o imenovanju Op\u0161tinske izborne komisije Herceg Novi u stalnom sastavu, 09.09.2021. godine<\/a><\/p>\n<p><a href=\"https:\/\/dikcg.me\/wpold\/herceg-novi\/wp-content\/uploads\/sites\/15\/2021\/04\/Rjesenje-o-razrjesenju-i-imenovanju-zamjenika-clana-OIK-H.Novi-u-stalnom-sastavu.pdf\">Rje\u0161enje o razrje\u0161enju i imenovanju sekretara i zamjenika \u010dlana OIK Herceg Novi u stalnom sastavu, 26.04.2021. godine<\/a><\/p>\n<p><a href=\"https:\/\/dikcg.me\/wpold\/herceg-novi\/wp-content\/uploads\/sites\/15\/2020\/07\/Rjesenje-o-razrjesenju-i-imenovanju02072020-1.pdf\">Rje\u0161enje o razrje\u0161enju i imenovanju sekretara i zamjenika \u010dlana OIK Herceg Novi u stalnom sastavu, 02.07.2020. godine<\/a><\/p>\n<p><a href=\"https:\/\/dikcg.me\/wpold\/herceg-novi\/wp-content\/uploads\/sites\/15\/2020\/02\/Rjesenje-o-izmjeni03122019.pdf\">Rje\u0161enje o izmjeni Rje\u0161enja o imenovanju OIK Herceg Novi, 05.04.2018. godine<\/a><\/p>\n<p><a href=\"https:\/\/dikcg.me\/wpold\/herceg-novi\/wp-content\/uploads\/sites\/15\/2019\/09\/Odluka-o-imenovanju-OIK-H.Novi-u-stalnom-sastavu.pdf\">Rje\u0161enje o imenovanju OIK Herceg Novi, 03.08.2017. godine<\/a><\/p>\n<p>&nbsp;<\/p>\n<div>Broj telefona: 031\/321-052 lokal 212 i 219<\/div>\n<div>Faks: 031\/321-378 i 031\/322-370<\/div>\n<div>e-mail: <span id=\"cloak839491967eea334a94c9bbad2e3fbd01\"><a href=\"mailto:hercegnovi@dik.co.me\">hercegnovi@dik.co.me<\/a><\/span><\/div>\n<div>e-mail: <span id=\"cloak92ff57dd89193aee4b311c88040f95d4\"><a href=\"mailto:oik@hercegnovi.me\">oik@hercegnovi.me<\/a><\/span><\/div>\n<div>Adresa: Trg M.Tita br.2<\/div>\n","protected":false},"excerpt":{"rendered":"Dejan RADONI\u0106, predsjednik Milan BERI\u0106, zamjenik predsjednika Dragan JANKOVI\u0106, sekretar \u010clanovi i zamjenici: 1. Milan Vajagi\u0107, \u010dlan Svetlana Miri\u0107, zamjenica \u010dlana 2. Nenad \u0110or\u0111evi\u0107, \u010dlan Vasilije Bjeleti\u0107, zamjenik \u010dlana 3. Vasilije Pavi\u0107evi\u0107, \u010dlan Vasko Vavi\u0107, zamjenik \u010dlana 4. Kristina Prelevi\u0107, \u010dlanica Mihailo Mili\u0107, zamjenik \u010dlanice\u00a0 &nbsp; Rje\u0161enje o razrje\u0161enju i imenovanju \u010dlana i zamjenika \u010dlana&#8230; <a href=\"https:\/\/dikcg.me\/wpold\/herceg-novi\/sastav-komisije\/\">Read more <i class=\"fas fa-angle-right\"><\/i><\/a>","protected":false},"author":56,"featured_media":0,"parent":0,"menu_order":0,"comment_status":"closed","ping_status":"closed","template":"","meta":{"footnotes":""},"_links":{"self":[{"href":"https:\/\/dikcg.me\/wpold\/herceg-novi\/wp-json\/wp\/v2\/pages\/678"}],"collection":[{"href":"https:\/\/dikcg.me\/wpold\/herceg-novi\/wp-json\/wp\/v2\/pages"}],"about":[{"href":"https:\/\/dikcg.me\/wpold\/herceg-novi\/wp-json\/wp\/v2\/types\/page"}],"author":[{"embeddable":true,"href":"https:\/\/dikcg.me\/wpold\/herceg-novi\/wp-json\/wp\/v2\/users\/56"}],"replies":[{"embeddable":true,"href":"https:\/\/dikcg.me\/wpold\/herceg-novi\/wp-json\/wp\/v2\/comments?post=678"}],"version-history":[{"count":22,"href":"https:\/\/dikcg.me\/wpold\/herceg-novi\/wp-json\/wp\/v2\/pages\/678\/revisions"}],"predecessor-version":[{"id":1184,"href":"https:\/\/dikcg.me\/wpold\/herceg-novi\/wp-json\/wp\/v2\/pages\/678\/revisions\/1184"}],"wp:attachment":[{"href":"https:\/\/dikcg.me\/wpold\/herceg-novi\/wp-json\/wp\/v2\/media?parent=678"}],"curies":[{"name":"wp","href":"https:\/\/api.w.org\/{rel}","templated":true}]}}