{"id":756,"date":"2019-03-28T13:56:46","date_gmt":"2019-03-28T12:56:46","guid":{"rendered":"http:\/\/andrijevica.dik.co.me\/?page_id=756\/"},"modified":"2023-02-07T12:34:16","modified_gmt":"2023-02-07T11:34:16","slug":"sastav-komisije","status":"publish","type":"page","link":"https:\/\/dikcg.me\/wpold\/andrijevica\/sastav-komisije\/","title":{"rendered":"Sastav Komisije"},"content":{"rendered":"<p><strong>Milovan \u0106ulafi\u0107<\/strong>, predsjednik<br \/>\n<strong>Tomislav Kne\u017eevi\u0107<\/strong>, zamjenik predsjednika<br \/>\n<strong>Stamat \u0160o\u0161ki\u0107<\/strong>, sekretar<\/p>\n<p><strong>\u010clanovi i zamjenici<\/strong><br \/>\n<strong>1. Jakov Ku\u010d<\/strong>, \u010dlan<br \/>\n<strong>Lazar Asanovi\u0107<\/strong>, zamjenik \u010dlana<br \/>\n<strong>2. Veselin Vulevi\u0107<\/strong>, \u010dlan<br \/>\n<strong>Milica Vu\u010delji\u0107<\/strong>, zamjenik \u010dlana<br \/>\n<strong>3. Miroslav Raketi\u0107<\/strong>, \u010dlan<br \/>\n<strong>Danijel Vulevi\u0107<\/strong>, zamjenik \u010dlana<br \/>\n<strong>4. An\u0111ela Vu\u010delji\u0107<\/strong>, \u010dlanica<br \/>\n<strong>Radisav Vulevi\u0107<\/strong>, zamjenik \u010dlana<\/p>\n<p><a href=\"https:\/\/dikcg.me\/wpold\/andrijevica\/wp-content\/uploads\/sites\/9\/2023\/02\/Odluka-o-imenovanju-Opstinske-izborne-komisije-Andrijevica.pdf\" target=\"_blank\" rel=\"noopener\">Odluka o imenovanju Op\u0161tinske izborne komisije Andrijevica<\/a><\/p>\n","protected":false},"excerpt":{"rendered":"Milovan \u0106ulafi\u0107, predsjednik Tomislav Kne\u017eevi\u0107, zamjenik predsjednika Stamat \u0160o\u0161ki\u0107, sekretar \u010clanovi i zamjenici 1. Jakov Ku\u010d, \u010dlan Lazar Asanovi\u0107, zamjenik \u010dlana 2. Veselin Vulevi\u0107, \u010dlan Milica Vu\u010delji\u0107, zamjenik \u010dlana 3. Miroslav Raketi\u0107, \u010dlan Danijel Vulevi\u0107, zamjenik \u010dlana 4. An\u0111ela Vu\u010delji\u0107, \u010dlanica Radisav Vulevi\u0107, zamjenik \u010dlana Odluka o imenovanju Op\u0161tinske izborne komisije Andrijevica","protected":false},"author":56,"featured_media":0,"parent":0,"menu_order":0,"comment_status":"closed","ping_status":"closed","template":"","meta":{"footnotes":""},"_links":{"self":[{"href":"https:\/\/dikcg.me\/wpold\/andrijevica\/wp-json\/wp\/v2\/pages\/756"}],"collection":[{"href":"https:\/\/dikcg.me\/wpold\/andrijevica\/wp-json\/wp\/v2\/pages"}],"about":[{"href":"https:\/\/dikcg.me\/wpold\/andrijevica\/wp-json\/wp\/v2\/types\/page"}],"author":[{"embeddable":true,"href":"https:\/\/dikcg.me\/wpold\/andrijevica\/wp-json\/wp\/v2\/users\/56"}],"replies":[{"embeddable":true,"href":"https:\/\/dikcg.me\/wpold\/andrijevica\/wp-json\/wp\/v2\/comments?post=756"}],"version-history":[{"count":7,"href":"https:\/\/dikcg.me\/wpold\/andrijevica\/wp-json\/wp\/v2\/pages\/756\/revisions"}],"predecessor-version":[{"id":1009,"href":"https:\/\/dikcg.me\/wpold\/andrijevica\/wp-json\/wp\/v2\/pages\/756\/revisions\/1009"}],"wp:attachment":[{"href":"https:\/\/dikcg.me\/wpold\/andrijevica\/wp-json\/wp\/v2\/media?parent=756"}],"curies":[{"name":"wp","href":"https:\/\/api.w.org\/{rel}","templated":true}]}}